{"id":12,"date":"2020-12-16T11:03:50","date_gmt":"2020-12-16T11:03:50","guid":{"rendered":"http:\/\/www.aneta.jetzt\/?page_id=12"},"modified":"2020-12-16T22:20:02","modified_gmt":"2020-12-16T22:20:02","slug":"ueber-uns","status":"publish","type":"page","link":"http:\/\/www.aneta.jetzt\/?page_id=12","title":{"rendered":"Bio"},"content":{"rendered":"\n<figure class=\"wp-block-image\"><img loading=\"lazy\" decoding=\"async\" width=\"1196\" height=\"1200\" src=\"http:\/\/www.aneta.jetzt\/wp-content\/uploads\/2020\/12\/Bildschirmfoto-2020-12-16-um-14.52.25.png\" alt=\"\" class=\"wp-image-133\" srcset=\"http:\/\/www.aneta.jetzt\/wp-content\/uploads\/2020\/12\/Bildschirmfoto-2020-12-16-um-14.52.25.png 1196w, http:\/\/www.aneta.jetzt\/wp-content\/uploads\/2020\/12\/Bildschirmfoto-2020-12-16-um-14.52.25-300x300.png 300w, http:\/\/www.aneta.jetzt\/wp-content\/uploads\/2020\/12\/Bildschirmfoto-2020-12-16-um-14.52.25-1021x1024.png 1021w, http:\/\/www.aneta.jetzt\/wp-content\/uploads\/2020\/12\/Bildschirmfoto-2020-12-16-um-14.52.25-150x150.png 150w, http:\/\/www.aneta.jetzt\/wp-content\/uploads\/2020\/12\/Bildschirmfoto-2020-12-16-um-14.52.25-768x771.png 768w\" sizes=\"auto, (max-width: 1196px) 100vw, 1196px\" \/><figcaption>Aneta Luberda<\/figcaption><\/figure>\n\n\n\n<p>Aneta Luberda (*1987 in Polen, Myslenice) lebt und arbeitet in Wien, studiert Kunstp\u00e4dagogik an der Universit\u00e4t f\u00fcr angewandte Kunst Wien und setzt dabei ihren Forschungsschwerpunkt auf die Themen: Transparenz, Raum, Syn\u00e4sthesien und Realit\u00e4t.<\/p>\n\n\n\n<p>Ihre k\u00fcnstlerische Arbeit folgt dem Gedanken des naturalistischen Sekundenstils. Filmisches, szenisches Empfinden durch- fochten mit individuellen Wahrnehmungswelten, hinterlegt von Einfl\u00fcssen aus den Massenmedien ist ihr Kernmaterial.<\/p>\n","protected":false},"excerpt":{"rendered":"<p>Aneta Luberda (*1987 in Polen, Myslenice) lebt und arbeitet in Wien, studiert Kunstp\u00e4dagogik an der Universit\u00e4t f\u00fcr angewandte Kunst Wien und setzt dabei ihren Forschungsschwerpunkt auf die Themen: Transparenz, Raum, Syn\u00e4sthesien und Realit\u00e4t. Ihre k\u00fcnstlerische Arbeit folgt dem Gedanken des naturalistischen Sekundenstils. Filmisches, szenisches Empfinden durch- fochten mit individuellen Wahrnehmungswelten, hinterlegt von Einfl\u00fcssen aus den &hellip; <\/p>\n","protected":false},"author":1,"featured_media":0,"parent":0,"menu_order":0,"comment_status":"closed","ping_status":"closed","template":"","meta":{"footnotes":""},"class_list":["post-12","page","type-page","status-publish","hentry"],"yoast_head":"<!-- This site is optimized with the Yoast SEO plugin v24.9 - https:\/\/yoast.com\/wordpress\/plugins\/seo\/ -->\n<title>Bio - Living Picture<\/title>\n<meta name=\"robots\" content=\"index, follow, max-snippet:-1, max-image-preview:large, max-video-preview:-1\" \/>\n<link rel=\"canonical\" href=\"http:\/\/www.aneta.jetzt\/?page_id=12\" \/>\n<meta property=\"og:locale\" content=\"de_DE\" \/>\n<meta property=\"og:type\" content=\"article\" \/>\n<meta property=\"og:title\" content=\"Bio - Living Picture\" \/>\n<meta property=\"og:description\" content=\"Aneta Luberda (*1987 in Polen, Myslenice) lebt und arbeitet in Wien, studiert Kunstp\u00e4dagogik an der Universit\u00e4t f\u00fcr angewandte Kunst Wien und setzt dabei ihren Forschungsschwerpunkt auf die Themen: Transparenz, Raum, Syn\u00e4sthesien und Realit\u00e4t. Ihre k\u00fcnstlerische Arbeit folgt dem Gedanken des naturalistischen Sekundenstils. Filmisches, szenisches Empfinden durch- fochten mit individuellen Wahrnehmungswelten, hinterlegt von Einfl\u00fcssen aus den &hellip;\" \/>\n<meta property=\"og:url\" content=\"http:\/\/www.aneta.jetzt\/?page_id=12\" \/>\n<meta property=\"og:site_name\" content=\"Living Picture\" \/>\n<meta property=\"article:modified_time\" content=\"2020-12-16T22:20:02+00:00\" \/>\n<meta property=\"og:image\" content=\"http:\/\/www.aneta.jetzt\/wp-content\/uploads\/2020\/12\/Bildschirmfoto-2020-12-16-um-14.52.25.png\" \/>\n<meta name=\"twitter:card\" content=\"summary_large_image\" \/>\n<script type=\"application\/ld+json\" class=\"yoast-schema-graph\">{\"@context\":\"https:\/\/schema.org\",\"@graph\":[{\"@type\":\"WebPage\",\"@id\":\"http:\/\/www.aneta.jetzt\/?page_id=12\",\"url\":\"http:\/\/www.aneta.jetzt\/?page_id=12\",\"name\":\"Bio - Living Picture\",\"isPartOf\":{\"@id\":\"http:\/\/www.aneta.jetzt\/#website\"},\"primaryImageOfPage\":{\"@id\":\"http:\/\/www.aneta.jetzt\/?page_id=12#primaryimage\"},\"image\":{\"@id\":\"http:\/\/www.aneta.jetzt\/?page_id=12#primaryimage\"},\"thumbnailUrl\":\"http:\/\/www.aneta.jetzt\/wp-content\/uploads\/2020\/12\/Bildschirmfoto-2020-12-16-um-14.52.25.png\",\"datePublished\":\"2020-12-16T11:03:50+00:00\",\"dateModified\":\"2020-12-16T22:20:02+00:00\",\"breadcrumb\":{\"@id\":\"http:\/\/www.aneta.jetzt\/?page_id=12#breadcrumb\"},\"inLanguage\":\"de\",\"potentialAction\":[{\"@type\":\"ReadAction\",\"target\":[\"http:\/\/www.aneta.jetzt\/?page_id=12\"]}]},{\"@type\":\"ImageObject\",\"inLanguage\":\"de\",\"@id\":\"http:\/\/www.aneta.jetzt\/?page_id=12#primaryimage\",\"url\":\"http:\/\/www.aneta.jetzt\/wp-content\/uploads\/2020\/12\/Bildschirmfoto-2020-12-16-um-14.52.25.png\",\"contentUrl\":\"http:\/\/www.aneta.jetzt\/wp-content\/uploads\/2020\/12\/Bildschirmfoto-2020-12-16-um-14.52.25.png\",\"width\":1196,\"height\":1200},{\"@type\":\"BreadcrumbList\",\"@id\":\"http:\/\/www.aneta.jetzt\/?page_id=12#breadcrumb\",\"itemListElement\":[{\"@type\":\"ListItem\",\"position\":1,\"name\":\"Startseite\",\"item\":\"http:\/\/www.aneta.jetzt\/\"},{\"@type\":\"ListItem\",\"position\":2,\"name\":\"Bio\"}]},{\"@type\":\"WebSite\",\"@id\":\"http:\/\/www.aneta.jetzt\/#website\",\"url\":\"http:\/\/www.aneta.jetzt\/\",\"name\":\"Living Picture\",\"description\":\"\",\"publisher\":{\"@id\":\"http:\/\/www.aneta.jetzt\/#\/schema\/person\/4ea909d89f15635d963dca48fc874a84\"},\"potentialAction\":[{\"@type\":\"SearchAction\",\"target\":{\"@type\":\"EntryPoint\",\"urlTemplate\":\"http:\/\/www.aneta.jetzt\/?s={search_term_string}\"},\"query-input\":{\"@type\":\"PropertyValueSpecification\",\"valueRequired\":true,\"valueName\":\"search_term_string\"}}],\"inLanguage\":\"de\"},{\"@type\":[\"Person\",\"Organization\"],\"@id\":\"http:\/\/www.aneta.jetzt\/#\/schema\/person\/4ea909d89f15635d963dca48fc874a84\",\"name\":\"admin\",\"image\":{\"@type\":\"ImageObject\",\"inLanguage\":\"de\",\"@id\":\"http:\/\/www.aneta.jetzt\/#\/schema\/person\/image\/\",\"url\":\"http:\/\/www.aneta.jetzt\/wp-content\/uploads\/2020\/12\/dragonfly512.png\",\"contentUrl\":\"http:\/\/www.aneta.jetzt\/wp-content\/uploads\/2020\/12\/dragonfly512.png\",\"width\":512,\"height\":372,\"caption\":\"admin\"},\"logo\":{\"@id\":\"http:\/\/www.aneta.jetzt\/#\/schema\/person\/image\/\"},\"sameAs\":[\"http:\/\/www.aneta.jetzt\"]}]}<\/script>\n<!-- \/ Yoast SEO plugin. -->","yoast_head_json":{"title":"Bio - Living Picture","robots":{"index":"index","follow":"follow","max-snippet":"max-snippet:-1","max-image-preview":"max-image-preview:large","max-video-preview":"max-video-preview:-1"},"canonical":"http:\/\/www.aneta.jetzt\/?page_id=12","og_locale":"de_DE","og_type":"article","og_title":"Bio - Living Picture","og_description":"Aneta Luberda (*1987 in Polen, Myslenice) lebt und arbeitet in Wien, studiert Kunstp\u00e4dagogik an der Universit\u00e4t f\u00fcr angewandte Kunst Wien und setzt dabei ihren Forschungsschwerpunkt auf die Themen: Transparenz, Raum, Syn\u00e4sthesien und Realit\u00e4t. Ihre k\u00fcnstlerische Arbeit folgt dem Gedanken des naturalistischen Sekundenstils. Filmisches, szenisches Empfinden durch- fochten mit individuellen Wahrnehmungswelten, hinterlegt von Einfl\u00fcssen aus den &hellip;","og_url":"http:\/\/www.aneta.jetzt\/?page_id=12","og_site_name":"Living Picture","article_modified_time":"2020-12-16T22:20:02+00:00","og_image":[{"url":"http:\/\/www.aneta.jetzt\/wp-content\/uploads\/2020\/12\/Bildschirmfoto-2020-12-16-um-14.52.25.png","type":"","width":"","height":""}],"twitter_card":"summary_large_image","schema":{"@context":"https:\/\/schema.org","@graph":[{"@type":"WebPage","@id":"http:\/\/www.aneta.jetzt\/?page_id=12","url":"http:\/\/www.aneta.jetzt\/?page_id=12","name":"Bio - Living Picture","isPartOf":{"@id":"http:\/\/www.aneta.jetzt\/#website"},"primaryImageOfPage":{"@id":"http:\/\/www.aneta.jetzt\/?page_id=12#primaryimage"},"image":{"@id":"http:\/\/www.aneta.jetzt\/?page_id=12#primaryimage"},"thumbnailUrl":"http:\/\/www.aneta.jetzt\/wp-content\/uploads\/2020\/12\/Bildschirmfoto-2020-12-16-um-14.52.25.png","datePublished":"2020-12-16T11:03:50+00:00","dateModified":"2020-12-16T22:20:02+00:00","breadcrumb":{"@id":"http:\/\/www.aneta.jetzt\/?page_id=12#breadcrumb"},"inLanguage":"de","potentialAction":[{"@type":"ReadAction","target":["http:\/\/www.aneta.jetzt\/?page_id=12"]}]},{"@type":"ImageObject","inLanguage":"de","@id":"http:\/\/www.aneta.jetzt\/?page_id=12#primaryimage","url":"http:\/\/www.aneta.jetzt\/wp-content\/uploads\/2020\/12\/Bildschirmfoto-2020-12-16-um-14.52.25.png","contentUrl":"http:\/\/www.aneta.jetzt\/wp-content\/uploads\/2020\/12\/Bildschirmfoto-2020-12-16-um-14.52.25.png","width":1196,"height":1200},{"@type":"BreadcrumbList","@id":"http:\/\/www.aneta.jetzt\/?page_id=12#breadcrumb","itemListElement":[{"@type":"ListItem","position":1,"name":"Startseite","item":"http:\/\/www.aneta.jetzt\/"},{"@type":"ListItem","position":2,"name":"Bio"}]},{"@type":"WebSite","@id":"http:\/\/www.aneta.jetzt\/#website","url":"http:\/\/www.aneta.jetzt\/","name":"Living Picture","description":"","publisher":{"@id":"http:\/\/www.aneta.jetzt\/#\/schema\/person\/4ea909d89f15635d963dca48fc874a84"},"potentialAction":[{"@type":"SearchAction","target":{"@type":"EntryPoint","urlTemplate":"http:\/\/www.aneta.jetzt\/?s={search_term_string}"},"query-input":{"@type":"PropertyValueSpecification","valueRequired":true,"valueName":"search_term_string"}}],"inLanguage":"de"},{"@type":["Person","Organization"],"@id":"http:\/\/www.aneta.jetzt\/#\/schema\/person\/4ea909d89f15635d963dca48fc874a84","name":"admin","image":{"@type":"ImageObject","inLanguage":"de","@id":"http:\/\/www.aneta.jetzt\/#\/schema\/person\/image\/","url":"http:\/\/www.aneta.jetzt\/wp-content\/uploads\/2020\/12\/dragonfly512.png","contentUrl":"http:\/\/www.aneta.jetzt\/wp-content\/uploads\/2020\/12\/dragonfly512.png","width":512,"height":372,"caption":"admin"},"logo":{"@id":"http:\/\/www.aneta.jetzt\/#\/schema\/person\/image\/"},"sameAs":["http:\/\/www.aneta.jetzt"]}]}},"_links":{"self":[{"href":"http:\/\/www.aneta.jetzt\/index.php?rest_route=\/wp\/v2\/pages\/12","targetHints":{"allow":["GET"]}}],"collection":[{"href":"http:\/\/www.aneta.jetzt\/index.php?rest_route=\/wp\/v2\/pages"}],"about":[{"href":"http:\/\/www.aneta.jetzt\/index.php?rest_route=\/wp\/v2\/types\/page"}],"author":[{"embeddable":true,"href":"http:\/\/www.aneta.jetzt\/index.php?rest_route=\/wp\/v2\/users\/1"}],"replies":[{"embeddable":true,"href":"http:\/\/www.aneta.jetzt\/index.php?rest_route=%2Fwp%2Fv2%2Fcomments&post=12"}],"version-history":[{"count":12,"href":"http:\/\/www.aneta.jetzt\/index.php?rest_route=\/wp\/v2\/pages\/12\/revisions"}],"predecessor-version":[{"id":256,"href":"http:\/\/www.aneta.jetzt\/index.php?rest_route=\/wp\/v2\/pages\/12\/revisions\/256"}],"wp:attachment":[{"href":"http:\/\/www.aneta.jetzt\/index.php?rest_route=%2Fwp%2Fv2%2Fmedia&parent=12"}],"curies":[{"name":"wp","href":"https:\/\/api.w.org\/{rel}","templated":true}]}}